{"id":17093,"date":"2020-11-28T18:15:43","date_gmt":"2020-11-28T18:15:43","guid":{"rendered":"https:\/\/zaldionline.com\/?post_type=product&#038;p=17093"},"modified":"2024-04-09T11:04:43","modified_gmt":"2024-04-09T11:04:43","slug":"paneles-cortos-de-silla","status":"publish","type":"product","link":"https:\/\/www.zaldionline.com\/es\/producto\/paneles-cortos-de-silla\/","title":{"rendered":"PANELES CORTOS DE SILLA"},"content":{"rendered":"\t\t<div data-elementor-type=\"wp-post\" data-elementor-id=\"17093\" class=\"elementor elementor-17093\">\n\t\t\t\t<div class=\"elementor-element elementor-element-f35260a e-flex e-con-boxed e-con e-parent\" data-id=\"f35260a\" data-element_type=\"container\" data-e-type=\"container\">\n\t\t\t\t\t<div class=\"e-con-inner\">\n\t\t\t\t<div class=\"elementor-element elementor-element-e33e133 elementor-widget elementor-widget-text-editor\" data-id=\"e33e133\" data-element_type=\"widget\" data-e-type=\"widget\" data-widget_type=\"text-editor.default\">\n\t\t\t\t<div class=\"elementor-widget-container\">\n\t\t\t\t\t\t\t\t\t<p>Cuando nos encarga una silla personalizada con las medidas determinadas por el EQUIscan\u00ae, se determina autom\u00e1ticamente si necesita paneles normales o cortos para su caballo y si esto es compatible con la anatom\u00eda del jinete.<\/p><p>Todas las sillas est\u00e1ndar vienen con paneles de longitud normal. La longitud de los paneles, as\u00ed como la longitud de la superficie de contacto de cada silla individual en el tama\u00f1o de asiento correspondiente, se pueden encontrar en el sitio web de Zaldi. Tenga en cuenta que debe deducir un total de 5 cm de la longitud de los paneles, ya que el sill\u00edn no se apoya en toda la longitud de los paneles para determinar la longitud del soporte del sill\u00edn (seg\u00fan ZALDI).<\/p><p>Si pide un sill\u00edn est\u00e1ndar o un sill\u00edn basado en sus medidas, puede PEDIR en l\u00ednea la opci\u00f3n de paneles m\u00e1s cortos SIN RECARGO. Tenga en cuenta que la longitud del sill\u00edn tambi\u00e9n debe ser proporcional a la talla del asiento y a la anatom\u00eda del jinete.<\/p>\t\t\t\t\t\t\t\t<\/div>\n\t\t\t\t<\/div>\n\t\t\t\t\t<\/div>\n\t\t\t\t<\/div>\n\t\t\t\t<\/div>\n\t\t","protected":false},"excerpt":{"rendered":"<p>Cuando nos encarga una silla personalizada con las medidas determinadas por el EQUIscan\u00ae, se determina autom\u00e1ticamente si necesita paneles normales o cortos para su caballo y si esto es compatible con la anatom\u00eda del jinete. Todas las sillas est\u00e1ndar vienen con paneles de longitud normal. La longitud de los paneles, as\u00ed como la longitud de [&hellip;]<\/p>\n","protected":false},"featured_media":17104,"comment_status":"open","ping_status":"closed","template":"","meta":{"site-sidebar-layout":"default","site-content-layout":"default","ast-site-content-layout":"default","site-content-style":"default","site-sidebar-style":"default","ast-global-header-display":"","ast-banner-title-visibility":"","ast-main-header-display":"","ast-hfb-above-header-display":"","ast-hfb-below-header-display":"","ast-hfb-mobile-header-display":"","site-post-title":"","ast-breadcrumbs-content":"","ast-featured-img":"","footer-sml-layout":"","ast-disable-related-posts":"","theme-transparent-header-meta":"default","adv-header-id-meta":"","stick-header-meta":"","header-above-stick-meta":"","header-main-stick-meta":"","header-below-stick-meta":"","astra-migrate-meta-layouts":"set","ast-page-background-enabled":"default","ast-page-background-meta":{"desktop":{"background-color":"var(--ast-global-color-4)","background-image":"","background-repeat":"repeat","background-position":"center center","background-size":"auto","background-attachment":"scroll","background-type":"","background-media":"","overlay-type":"","overlay-color":"","overlay-opacity":"","overlay-gradient":""},"tablet":{"background-color":"","background-image":"","background-repeat":"repeat","background-position":"center center","background-size":"auto","background-attachment":"scroll","background-type":"","background-media":"","overlay-type":"","overlay-color":"","overlay-opacity":"","overlay-gradient":""},"mobile":{"background-color":"","background-image":"","background-repeat":"repeat","background-position":"center center","background-size":"auto","background-attachment":"scroll","background-type":"","background-media":"","overlay-type":"","overlay-color":"","overlay-opacity":"","overlay-gradient":""}},"ast-content-background-meta":{"desktop":{"background-color":"var(--ast-global-color-5)","background-image":"","background-repeat":"repeat","background-position":"center center","background-size":"auto","background-attachment":"scroll","background-type":"","background-media":"","overlay-type":"","overlay-color":"","overlay-opacity":"","overlay-gradient":""},"tablet":{"background-color":"var(--ast-global-color-5)","background-image":"","background-repeat":"repeat","background-position":"center center","background-size":"auto","background-attachment":"scroll","background-type":"","background-media":"","overlay-type":"","overlay-color":"","overlay-opacity":"","overlay-gradient":""},"mobile":{"background-color":"var(--ast-global-color-5)","background-image":"","background-repeat":"repeat","background-position":"center center","background-size":"auto","background-attachment":"scroll","background-type":"","background-media":"","overlay-type":"","overlay-color":"","overlay-opacity":"","overlay-gradient":""}},"ngg_post_thumbnail":0},"product_brand":[],"product_cat":[34,17],"product_tag":[341,409,346,765,340,337,338,339],"class_list":{"0":"post-17093","1":"product","2":"type-product","3":"status-publish","4":"has-post-thumbnail","6":"product_cat-extras-fabricacion-a-medida-rodilleras-tm-reparaciones","7":"product_cat-sillas","8":"product_tag-bienestarcaballo","9":"product_tag-custom-sattel","10":"product_tag-equiscan-zaldi","11":"product_tag-sattelkissen","12":"product_tag-susanne-nagel","13":"product_tag-zaldi","14":"product_tag-zaldi-deutschland","15":"product_tag-zaldi-online-com","16":"desktop-align-left","17":"tablet-align-left","18":"mobile-align-left","20":"first","21":"instock","22":"taxable","23":"shipping-taxable","24":"purchasable","25":"product-type-simple"},"yoast_head":"<!-- This site is optimized with the Yoast SEO plugin v27.5 - https:\/\/yoast.com\/product\/yoast-seo-wordpress\/ -->\n<title>PANELES CORTOS DE SILLA - Zaldionline.com<\/title>\n<meta name=\"description\" content=\"Cuando nos encarga una silla personalizada con las medidas determinadas por el EQUIscan\u00ae, se determina autom\u00e1ticamente si necesita paneles normales o cortos para su caballo y si esto es compatible con la anatom\u00eda del jinete.T odas las sillas est\u00e1ndar vienen con paneles de longitud normal. La longitud de los paneles, as\u00ed como la longitud de la superficie de contacto de cada silla individual en el tama\u00f1o de asiento correspondiente, se pueden encontrar en el sitio web de Zaldi. Tenga en cuenta que debe deducir un total de 5 cm de la longitud de los paneles, ya que el sill\u00edn no se apoya en toda la longitud de los paneles para determinar la longitud del soporte del silla (seg\u00fan ZALDI). Si pide un silla est\u00e1ndar o un silla basado en sus medidas, puede PEDIR en l\u00ednea la opci\u00f3n de paneles m\u00e1s cortos SIN RECARGO. Tenga en cuenta que la longitud del silla tambi\u00e9n debe ser proporcional a la talla del asiento y a la anatom\u00eda del jinete.\" \/>\n<meta name=\"robots\" content=\"noindex, follow, max-snippet:-1, max-image-preview:large, max-video-preview:-1\" \/>\n<meta property=\"og:locale\" content=\"es_ES\" \/>\n<meta property=\"og:type\" content=\"article\" \/>\n<meta property=\"og:title\" content=\"PANELES CORTOS DE SILLA - Zaldionline.com\" \/>\n<meta property=\"og:description\" content=\"Cuando nos encarga una silla personalizada con las medidas determinadas por el EQUIscan\u00ae, se determina autom\u00e1ticamente si necesita paneles normales o cortos para su caballo y si esto es compatible con la anatom\u00eda del jinete.T odas las sillas est\u00e1ndar vienen con paneles de longitud normal. La longitud de los paneles, as\u00ed como la longitud de la superficie de contacto de cada silla individual en el tama\u00f1o de asiento correspondiente, se pueden encontrar en el sitio web de Zaldi. Tenga en cuenta que debe deducir un total de 5 cm de la longitud de los paneles, ya que el sill\u00edn no se apoya en toda la longitud de los paneles para determinar la longitud del soporte del silla (seg\u00fan ZALDI). Si pide un silla est\u00e1ndar o un silla basado en sus medidas, puede PEDIR en l\u00ednea la opci\u00f3n de paneles m\u00e1s cortos SIN RECARGO. Tenga en cuenta que la longitud del silla tambi\u00e9n debe ser proporcional a la talla del asiento y a la anatom\u00eda del jinete.\" \/>\n<meta property=\"og:url\" content=\"https:\/\/www.zaldionline.com\/es\/producto\/paneles-cortos-de-silla\/\" \/>\n<meta property=\"og:site_name\" content=\"Zaldionline.com\" \/>\n<meta property=\"article:modified_time\" content=\"2024-04-09T11:04:43+00:00\" \/>\n<meta property=\"og:image\" content=\"https:\/\/www.zaldionline.com\/es\/wp-content\/uploads\/sites\/2\/2020\/11\/Kurze-Sattelkissen.jpg\" \/>\n\t<meta property=\"og:image:width\" content=\"822\" \/>\n\t<meta property=\"og:image:height\" content=\"261\" \/>\n\t<meta property=\"og:image:type\" content=\"image\/jpeg\" \/>\n<meta name=\"twitter:card\" content=\"summary_large_image\" \/>\n<meta name=\"twitter:label1\" content=\"Tiempo de lectura\" \/>\n\t<meta name=\"twitter:data1\" content=\"1 minuto\" \/>\n<script type=\"application\/ld+json\" class=\"yoast-schema-graph\">{\"@context\":\"https:\\\/\\\/schema.org\",\"@graph\":[{\"@type\":\"WebPage\",\"@id\":\"https:\\\/\\\/www.zaldionline.com\\\/es\\\/producto\\\/paneles-cortos-de-silla\\\/\",\"url\":\"https:\\\/\\\/www.zaldionline.com\\\/es\\\/producto\\\/paneles-cortos-de-silla\\\/\",\"name\":\"PANELES CORTOS DE SILLA - Zaldionline.com\",\"isPartOf\":{\"@id\":\"https:\\\/\\\/www.zaldionline.com\\\/es\\\/#website\"},\"primaryImageOfPage\":{\"@id\":\"https:\\\/\\\/www.zaldionline.com\\\/es\\\/producto\\\/paneles-cortos-de-silla\\\/#primaryimage\"},\"image\":{\"@id\":\"https:\\\/\\\/www.zaldionline.com\\\/es\\\/producto\\\/paneles-cortos-de-silla\\\/#primaryimage\"},\"thumbnailUrl\":\"https:\\\/\\\/www.zaldionline.com\\\/es\\\/wp-content\\\/uploads\\\/sites\\\/2\\\/2020\\\/11\\\/Kurze-Sattelkissen.jpg\",\"datePublished\":\"2020-11-28T18:15:43+00:00\",\"dateModified\":\"2024-04-09T11:04:43+00:00\",\"description\":\"Cuando nos encarga una silla personalizada con las medidas determinadas por el EQUIscan\u00ae, se determina autom\u00e1ticamente si necesita paneles normales o cortos para su caballo y si esto es compatible con la anatom\u00eda del jinete.T odas las sillas est\u00e1ndar vienen con paneles de longitud normal. La longitud de los paneles, as\u00ed como la longitud de la superficie de contacto de cada silla individual en el tama\u00f1o de asiento correspondiente, se pueden encontrar en el sitio web de Zaldi. Tenga en cuenta que debe deducir un total de 5 cm de la longitud de los paneles, ya que el sill\u00edn no se apoya en toda la longitud de los paneles para determinar la longitud del soporte del silla (seg\u00fan ZALDI). Si pide un silla est\u00e1ndar o un silla basado en sus medidas, puede PEDIR en l\u00ednea la opci\u00f3n de paneles m\u00e1s cortos SIN RECARGO. Tenga en cuenta que la longitud del silla tambi\u00e9n debe ser proporcional a la talla del asiento y a la anatom\u00eda del jinete.\",\"breadcrumb\":{\"@id\":\"https:\\\/\\\/www.zaldionline.com\\\/es\\\/producto\\\/paneles-cortos-de-silla\\\/#breadcrumb\"},\"inLanguage\":\"es\",\"potentialAction\":[{\"@type\":\"ReadAction\",\"target\":[\"https:\\\/\\\/www.zaldionline.com\\\/es\\\/producto\\\/paneles-cortos-de-silla\\\/\"]}]},{\"@type\":\"ImageObject\",\"inLanguage\":\"es\",\"@id\":\"https:\\\/\\\/www.zaldionline.com\\\/es\\\/producto\\\/paneles-cortos-de-silla\\\/#primaryimage\",\"url\":\"https:\\\/\\\/www.zaldionline.com\\\/es\\\/wp-content\\\/uploads\\\/sites\\\/2\\\/2020\\\/11\\\/Kurze-Sattelkissen.jpg\",\"contentUrl\":\"https:\\\/\\\/www.zaldionline.com\\\/es\\\/wp-content\\\/uploads\\\/sites\\\/2\\\/2020\\\/11\\\/Kurze-Sattelkissen.jpg\",\"width\":822,\"height\":261},{\"@type\":\"BreadcrumbList\",\"@id\":\"https:\\\/\\\/www.zaldionline.com\\\/es\\\/producto\\\/paneles-cortos-de-silla\\\/#breadcrumb\",\"itemListElement\":[{\"@type\":\"ListItem\",\"position\":1,\"name\":\"Portada\",\"item\":\"https:\\\/\\\/www.zaldionline.com\\\/es\\\/\"},{\"@type\":\"ListItem\",\"position\":2,\"name\":\"Sillas y accesorios\",\"item\":\"https:\\\/\\\/www.zaldionline.com\\\/es\\\/sillas-y-accesorios\\\/\"},{\"@type\":\"ListItem\",\"position\":3,\"name\":\"PANELES CORTOS DE SILLA\"}]},{\"@type\":\"WebSite\",\"@id\":\"https:\\\/\\\/www.zaldionline.com\\\/es\\\/#website\",\"url\":\"https:\\\/\\\/www.zaldionline.com\\\/es\\\/\",\"name\":\"Zaldionline.com\",\"description\":\"Los mejores productos para usted y su caballo\",\"potentialAction\":[{\"@type\":\"SearchAction\",\"target\":{\"@type\":\"EntryPoint\",\"urlTemplate\":\"https:\\\/\\\/www.zaldionline.com\\\/es\\\/?s={search_term_string}\"},\"query-input\":{\"@type\":\"PropertyValueSpecification\",\"valueRequired\":true,\"valueName\":\"search_term_string\"}}],\"inLanguage\":\"es\"}]}<\/script>\n<!-- \/ Yoast SEO plugin. -->","yoast_head_json":{"title":"PANELES CORTOS DE SILLA - Zaldionline.com","description":"Cuando nos encarga una silla personalizada con las medidas determinadas por el EQUIscan\u00ae, se determina autom\u00e1ticamente si necesita paneles normales o cortos para su caballo y si esto es compatible con la anatom\u00eda del jinete.T odas las sillas est\u00e1ndar vienen con paneles de longitud normal. La longitud de los paneles, as\u00ed como la longitud de la superficie de contacto de cada silla individual en el tama\u00f1o de asiento correspondiente, se pueden encontrar en el sitio web de Zaldi. Tenga en cuenta que debe deducir un total de 5 cm de la longitud de los paneles, ya que el sill\u00edn no se apoya en toda la longitud de los paneles para determinar la longitud del soporte del silla (seg\u00fan ZALDI). Si pide un silla est\u00e1ndar o un silla basado en sus medidas, puede PEDIR en l\u00ednea la opci\u00f3n de paneles m\u00e1s cortos SIN RECARGO. Tenga en cuenta que la longitud del silla tambi\u00e9n debe ser proporcional a la talla del asiento y a la anatom\u00eda del jinete.","robots":{"index":"noindex","follow":"follow","max-snippet":"max-snippet:-1","max-image-preview":"max-image-preview:large","max-video-preview":"max-video-preview:-1"},"og_locale":"es_ES","og_type":"article","og_title":"PANELES CORTOS DE SILLA - Zaldionline.com","og_description":"Cuando nos encarga una silla personalizada con las medidas determinadas por el EQUIscan\u00ae, se determina autom\u00e1ticamente si necesita paneles normales o cortos para su caballo y si esto es compatible con la anatom\u00eda del jinete.T odas las sillas est\u00e1ndar vienen con paneles de longitud normal. La longitud de los paneles, as\u00ed como la longitud de la superficie de contacto de cada silla individual en el tama\u00f1o de asiento correspondiente, se pueden encontrar en el sitio web de Zaldi. Tenga en cuenta que debe deducir un total de 5 cm de la longitud de los paneles, ya que el sill\u00edn no se apoya en toda la longitud de los paneles para determinar la longitud del soporte del silla (seg\u00fan ZALDI). Si pide un silla est\u00e1ndar o un silla basado en sus medidas, puede PEDIR en l\u00ednea la opci\u00f3n de paneles m\u00e1s cortos SIN RECARGO. Tenga en cuenta que la longitud del silla tambi\u00e9n debe ser proporcional a la talla del asiento y a la anatom\u00eda del jinete.","og_url":"https:\/\/www.zaldionline.com\/es\/producto\/paneles-cortos-de-silla\/","og_site_name":"Zaldionline.com","article_modified_time":"2024-04-09T11:04:43+00:00","og_image":[{"width":822,"height":261,"url":"https:\/\/www.zaldionline.com\/es\/wp-content\/uploads\/sites\/2\/2020\/11\/Kurze-Sattelkissen.jpg","type":"image\/jpeg"}],"twitter_card":"summary_large_image","twitter_misc":{"Tiempo de lectura":"1 minuto"},"schema":{"@context":"https:\/\/schema.org","@graph":[{"@type":"WebPage","@id":"https:\/\/www.zaldionline.com\/es\/producto\/paneles-cortos-de-silla\/","url":"https:\/\/www.zaldionline.com\/es\/producto\/paneles-cortos-de-silla\/","name":"PANELES CORTOS DE SILLA - Zaldionline.com","isPartOf":{"@id":"https:\/\/www.zaldionline.com\/es\/#website"},"primaryImageOfPage":{"@id":"https:\/\/www.zaldionline.com\/es\/producto\/paneles-cortos-de-silla\/#primaryimage"},"image":{"@id":"https:\/\/www.zaldionline.com\/es\/producto\/paneles-cortos-de-silla\/#primaryimage"},"thumbnailUrl":"https:\/\/www.zaldionline.com\/es\/wp-content\/uploads\/sites\/2\/2020\/11\/Kurze-Sattelkissen.jpg","datePublished":"2020-11-28T18:15:43+00:00","dateModified":"2024-04-09T11:04:43+00:00","description":"Cuando nos encarga una silla personalizada con las medidas determinadas por el EQUIscan\u00ae, se determina autom\u00e1ticamente si necesita paneles normales o cortos para su caballo y si esto es compatible con la anatom\u00eda del jinete.T odas las sillas est\u00e1ndar vienen con paneles de longitud normal. La longitud de los paneles, as\u00ed como la longitud de la superficie de contacto de cada silla individual en el tama\u00f1o de asiento correspondiente, se pueden encontrar en el sitio web de Zaldi. Tenga en cuenta que debe deducir un total de 5 cm de la longitud de los paneles, ya que el sill\u00edn no se apoya en toda la longitud de los paneles para determinar la longitud del soporte del silla (seg\u00fan ZALDI). Si pide un silla est\u00e1ndar o un silla basado en sus medidas, puede PEDIR en l\u00ednea la opci\u00f3n de paneles m\u00e1s cortos SIN RECARGO. Tenga en cuenta que la longitud del silla tambi\u00e9n debe ser proporcional a la talla del asiento y a la anatom\u00eda del jinete.","breadcrumb":{"@id":"https:\/\/www.zaldionline.com\/es\/producto\/paneles-cortos-de-silla\/#breadcrumb"},"inLanguage":"es","potentialAction":[{"@type":"ReadAction","target":["https:\/\/www.zaldionline.com\/es\/producto\/paneles-cortos-de-silla\/"]}]},{"@type":"ImageObject","inLanguage":"es","@id":"https:\/\/www.zaldionline.com\/es\/producto\/paneles-cortos-de-silla\/#primaryimage","url":"https:\/\/www.zaldionline.com\/es\/wp-content\/uploads\/sites\/2\/2020\/11\/Kurze-Sattelkissen.jpg","contentUrl":"https:\/\/www.zaldionline.com\/es\/wp-content\/uploads\/sites\/2\/2020\/11\/Kurze-Sattelkissen.jpg","width":822,"height":261},{"@type":"BreadcrumbList","@id":"https:\/\/www.zaldionline.com\/es\/producto\/paneles-cortos-de-silla\/#breadcrumb","itemListElement":[{"@type":"ListItem","position":1,"name":"Portada","item":"https:\/\/www.zaldionline.com\/es\/"},{"@type":"ListItem","position":2,"name":"Sillas y accesorios","item":"https:\/\/www.zaldionline.com\/es\/sillas-y-accesorios\/"},{"@type":"ListItem","position":3,"name":"PANELES CORTOS DE SILLA"}]},{"@type":"WebSite","@id":"https:\/\/www.zaldionline.com\/es\/#website","url":"https:\/\/www.zaldionline.com\/es\/","name":"Zaldionline.com","description":"Los mejores productos para usted y su caballo","potentialAction":[{"@type":"SearchAction","target":{"@type":"EntryPoint","urlTemplate":"https:\/\/www.zaldionline.com\/es\/?s={search_term_string}"},"query-input":{"@type":"PropertyValueSpecification","valueRequired":true,"valueName":"search_term_string"}}],"inLanguage":"es"}]}},"_links":{"self":[{"href":"https:\/\/www.zaldionline.com\/es\/wp-json\/wp\/v2\/product\/17093","targetHints":{"allow":["GET"]}}],"collection":[{"href":"https:\/\/www.zaldionline.com\/es\/wp-json\/wp\/v2\/product"}],"about":[{"href":"https:\/\/www.zaldionline.com\/es\/wp-json\/wp\/v2\/types\/product"}],"replies":[{"embeddable":true,"href":"https:\/\/www.zaldionline.com\/es\/wp-json\/wp\/v2\/comments?post=17093"}],"version-history":[{"count":7,"href":"https:\/\/www.zaldionline.com\/es\/wp-json\/wp\/v2\/product\/17093\/revisions"}],"predecessor-version":[{"id":24749,"href":"https:\/\/www.zaldionline.com\/es\/wp-json\/wp\/v2\/product\/17093\/revisions\/24749"}],"wp:featuredmedia":[{"embeddable":true,"href":"https:\/\/www.zaldionline.com\/es\/wp-json\/wp\/v2\/media\/17104"}],"wp:attachment":[{"href":"https:\/\/www.zaldionline.com\/es\/wp-json\/wp\/v2\/media?parent=17093"}],"wp:term":[{"taxonomy":"product_brand","embeddable":true,"href":"https:\/\/www.zaldionline.com\/es\/wp-json\/wp\/v2\/product_brand?post=17093"},{"taxonomy":"product_cat","embeddable":true,"href":"https:\/\/www.zaldionline.com\/es\/wp-json\/wp\/v2\/product_cat?post=17093"},{"taxonomy":"product_tag","embeddable":true,"href":"https:\/\/www.zaldionline.com\/es\/wp-json\/wp\/v2\/product_tag?post=17093"}],"curies":[{"name":"wp","href":"https:\/\/api.w.org\/{rel}","templated":true}]}}